{"id":272,"date":"2024-02-27T23:57:44","date_gmt":"2024-02-27T22:57:44","guid":{"rendered":"https:\/\/www.labeilleduvallage.fr\/?page_id=272"},"modified":"2025-03-07T16:43:41","modified_gmt":"2025-03-07T15:43:41","slug":"2-medailles-dor-au-sia-2024","status":"publish","type":"page","link":"https:\/\/www.labeilleduvallage.fr\/","title":{"rendered":""},"content":{"rendered":"<p class=\"has-text-align-center has-large-font-size\"><strong>ENCORE ?<\/strong><\/p><p class=\"has-text-align-center\"><strong>M\u00e9daille d&rsquo;OR<\/strong> pour le miel d&rsquo;e\u0301rable &#8211; <strong>M\u00e9daille d&rsquo;ARGENT<\/strong> pour le miel de fleurs d&rsquo;\u00e9t\u00e9 ! <\/p><div class=\"wp-block-image\"><figure class=\"alignright size-large is-resized\"><img loading=\"lazy\" decoding=\"async\" width=\"1024\" height=\"1024\" src=\"https:\/\/www.labeilleduvallage.fr\/wp-content\/uploads\/2025\/03\/MEDAILLE-ARGENT-2025-1024x1024.png\" alt=\"\" class=\"wp-image-392\" style=\"width:226px;height:auto\" srcset=\"https:\/\/www.labeilleduvallage.fr\/wp-content\/uploads\/2025\/03\/MEDAILLE-ARGENT-2025-1024x1024.png 1024w, https:\/\/www.labeilleduvallage.fr\/wp-content\/uploads\/2025\/03\/MEDAILLE-ARGENT-2025-300x300.png 300w, https:\/\/www.labeilleduvallage.fr\/wp-content\/uploads\/2025\/03\/MEDAILLE-ARGENT-2025-150x150.png 150w, https:\/\/www.labeilleduvallage.fr\/wp-content\/uploads\/2025\/03\/MEDAILLE-ARGENT-2025-768x768.png 768w, https:\/\/www.labeilleduvallage.fr\/wp-content\/uploads\/2025\/03\/MEDAILLE-ARGENT-2025-1536x1536.png 1536w, https:\/\/www.labeilleduvallage.fr\/wp-content\/uploads\/2025\/03\/MEDAILLE-ARGENT-2025-2048x2048.png 2048w, https:\/\/www.labeilleduvallage.fr\/wp-content\/uploads\/2025\/03\/MEDAILLE-ARGENT-2025-600x600.png 600w, https:\/\/www.labeilleduvallage.fr\/wp-content\/uploads\/2025\/03\/MEDAILLE-ARGENT-2025-100x100.png 100w\" sizes=\"auto, (max-width: 1024px) 100vw, 1024px\" \/><\/figure><\/div><div class=\"wp-block-image\"><figure class=\"alignleft size-large is-resized\"><img loading=\"lazy\" decoding=\"async\" width=\"1024\" height=\"1024\" src=\"https:\/\/www.labeilleduvallage.fr\/wp-content\/uploads\/2025\/03\/MEDAILLE-OR-2025-1024x1024.jpg\" alt=\"\" class=\"wp-image-390\" style=\"width:226px;height:auto\" srcset=\"https:\/\/www.labeilleduvallage.fr\/wp-content\/uploads\/2025\/03\/MEDAILLE-OR-2025-1024x1024.jpg 1024w, https:\/\/www.labeilleduvallage.fr\/wp-content\/uploads\/2025\/03\/MEDAILLE-OR-2025-300x300.jpg 300w, https:\/\/www.labeilleduvallage.fr\/wp-content\/uploads\/2025\/03\/MEDAILLE-OR-2025-150x150.jpg 150w, https:\/\/www.labeilleduvallage.fr\/wp-content\/uploads\/2025\/03\/MEDAILLE-OR-2025-768x768.jpg 768w, https:\/\/www.labeilleduvallage.fr\/wp-content\/uploads\/2025\/03\/MEDAILLE-OR-2025-1536x1536.jpg 1536w, https:\/\/www.labeilleduvallage.fr\/wp-content\/uploads\/2025\/03\/MEDAILLE-OR-2025-2048x2048.jpg 2048w, https:\/\/www.labeilleduvallage.fr\/wp-content\/uploads\/2025\/03\/MEDAILLE-OR-2025-600x600.jpg 600w, https:\/\/www.labeilleduvallage.fr\/wp-content\/uploads\/2025\/03\/MEDAILLE-OR-2025-100x100.jpg 100w\" sizes=\"auto, (max-width: 1024px) 100vw, 1024px\" \/><\/figure><\/div><p><\/p><p><\/p><p><\/p><p><\/p><p><\/p><p class=\"has-text-align-center\"><strong>Salon International de l\u2019Agriculture<\/strong><\/p><div class=\"wp-block-image\"><figure class=\"aligncenter size-full is-resized\"><img loading=\"lazy\" decoding=\"async\" width=\"2560\" height=\"1440\" src=\"https:\/\/www.labeilleduvallage.fr\/wp-content\/uploads\/2025\/03\/miel-recompenses-2025-2-edited-2-scaled.jpg\" alt=\"\" class=\"wp-image-414\" style=\"aspect-ratio:16\/9;object-fit:cover;width:334px;height:auto\" srcset=\"https:\/\/www.labeilleduvallage.fr\/wp-content\/uploads\/2025\/03\/miel-recompenses-2025-2-edited-2-scaled.jpg 2560w, https:\/\/www.labeilleduvallage.fr\/wp-content\/uploads\/2025\/03\/miel-recompenses-2025-2-edited-2-300x169.jpg 300w, https:\/\/www.labeilleduvallage.fr\/wp-content\/uploads\/2025\/03\/miel-recompenses-2025-2-edited-2-1024x576.jpg 1024w, https:\/\/www.labeilleduvallage.fr\/wp-content\/uploads\/2025\/03\/miel-recompenses-2025-2-edited-2-768x432.jpg 768w, https:\/\/www.labeilleduvallage.fr\/wp-content\/uploads\/2025\/03\/miel-recompenses-2025-2-edited-2-1536x864.jpg 1536w, https:\/\/www.labeilleduvallage.fr\/wp-content\/uploads\/2025\/03\/miel-recompenses-2025-2-edited-2-2048x1152.jpg 2048w, https:\/\/www.labeilleduvallage.fr\/wp-content\/uploads\/2025\/03\/miel-recompenses-2025-2-edited-2-600x338.jpg 600w\" sizes=\"auto, (max-width: 2560px) 100vw, 2560px\" \/><\/figure><\/div><p class=\"has-text-align-center\"> Pour la <strong>deuxi\u00e8me ann\u00e9e cons\u00e9cutive, <\/strong>nos miels ont \u00e9t\u00e9 r\u00e9compens\u00e9s au Concours G\u00e9n\u00e9ral Agricole du Salon de l&rsquo;Agriculture 2025 !<\/p><hr class=\"wp-block-separator has-text-color has-luminous-vivid-amber-color has-alpha-channel-opacity has-luminous-vivid-amber-background-color has-background is-style-default\"\/><hr class=\"wp-block-separator has-text-color has-luminous-vivid-amber-color has-alpha-channel-opacity has-luminous-vivid-amber-background-color has-background is-style-default\"\/><p class=\"has-text-align-center\">Aujourd\u2019hui nous sommes <strong>super<\/strong> <strong>fiers<\/strong> et <strong>doublement<\/strong> <strong>heureux<\/strong> ! Super fiers car cela r\u00e9compense des heures de travail sur les ruchers et dans la miellerie ! Et doublement heureux car en 2 participations c&rsquo;est 4 miels r\u00e9compens\u00e9s dont <strong>3 m\u00e9dailles d&rsquo;OR<\/strong> !<\/p><div class=\"wp-block-image\"><figure class=\"aligncenter size-large is-resized\"><img loading=\"lazy\" decoding=\"async\" width=\"771\" height=\"1024\" src=\"https:\/\/www.labeilleduvallage.fr\/wp-content\/uploads\/2025\/03\/miel-recompenses-2025-771x1024.jpg\" alt=\"\" class=\"wp-image-393\" style=\"aspect-ratio:1;object-fit:cover;width:334px;height:auto\" srcset=\"https:\/\/www.labeilleduvallage.fr\/wp-content\/uploads\/2025\/03\/miel-recompenses-2025-771x1024.jpg 771w, https:\/\/www.labeilleduvallage.fr\/wp-content\/uploads\/2025\/03\/miel-recompenses-2025-226x300.jpg 226w, https:\/\/www.labeilleduvallage.fr\/wp-content\/uploads\/2025\/03\/miel-recompenses-2025-768x1020.jpg 768w, https:\/\/www.labeilleduvallage.fr\/wp-content\/uploads\/2025\/03\/miel-recompenses-2025-1157x1536.jpg 1157w, https:\/\/www.labeilleduvallage.fr\/wp-content\/uploads\/2025\/03\/miel-recompenses-2025-600x797.jpg 600w, https:\/\/www.labeilleduvallage.fr\/wp-content\/uploads\/2025\/03\/miel-recompenses-2025.jpg 1536w\" sizes=\"auto, (max-width: 771px) 100vw, 771px\" \/><\/figure><\/div><hr class=\"wp-block-separator aligncenter has-text-color has-luminous-vivid-amber-color has-alpha-channel-opacity has-luminous-vivid-amber-background-color has-background is-style-default\"\/><p class=\"has-text-align-center\"><strong>Nos meilleures ventes !<\/strong><\/p><div data-align-buttons=\"true\" data-block-name=\"woocommerce\/product-best-sellers\" data-categories=\"[22,18]\" data-content-visibility=\"{&quot;image&quot;:true,&quot;title&quot;:true,&quot;price&quot;:true,&quot;rating&quot;:false,&quot;button&quot;:false}\" data-orderby=\"date\" data-rows=\"2\" class=\"wc-block-grid wp-block-product-best-sellers wp-block-woocommerce-product-best-sellers wc-block-product-best-sellers has-3-columns has-multiple-rows has-aligned-buttons\"><ul class=\"wc-block-grid__products\"><li class=\"wc-block-grid__product\">\n\t\t\t\t<a href=\"https:\/\/www.labeilleduvallage.fr\/?product=miel-de-pritemps-bio\" class=\"wc-block-grid__product-link\">\n\t\t\t\t\t\n\t\t\t\t\t<div class=\"wc-block-grid__product-image\"><img loading=\"lazy\" decoding=\"async\" width=\"300\" height=\"300\" src=\"https:\/\/www.labeilleduvallage.fr\/wp-content\/uploads\/2023\/02\/Miel-bio-de-Printemps-500g-300x300.jpg\" class=\"attachment-woocommerce_thumbnail size-woocommerce_thumbnail\" alt=\"Miel de Pritemps Bio\" srcset=\"https:\/\/www.labeilleduvallage.fr\/wp-content\/uploads\/2023\/02\/Miel-bio-de-Printemps-500g-300x300.jpg 300w, https:\/\/www.labeilleduvallage.fr\/wp-content\/uploads\/2023\/02\/Miel-bio-de-Printemps-500g-150x150.jpg 150w, https:\/\/www.labeilleduvallage.fr\/wp-content\/uploads\/2023\/02\/Miel-bio-de-Printemps-500g-100x100.jpg 100w\" sizes=\"auto, (max-width: 300px) 100vw, 300px\" \/><\/div>\n\t\t\t\t\t<div class=\"wc-block-grid__product-title\">Miel de Pritemps Bio<\/div>\n\t\t\t\t<\/a>\n\t\t\t\t<div class=\"wc-block-grid__product-price price\"><span class=\"woocommerce-Price-amount amount\">6,00&nbsp;<span class=\"woocommerce-Price-currencySymbol\">&euro;<\/span><\/span> &ndash; <span class=\"woocommerce-Price-amount amount\">18,00&nbsp;<span class=\"woocommerce-Price-currencySymbol\">&euro;<\/span><\/span><\/div>\n\t\t\t\t\n\t\t\t\t\n\t\t\t<\/li><li class=\"wc-block-grid__product\">\n\t\t\t\t<a href=\"https:\/\/www.labeilleduvallage.fr\/?product=miel-de-tournesol-bio\" class=\"wc-block-grid__product-link\">\n\t\t\t\t\t\n\t\t\t\t\t<div class=\"wc-block-grid__product-image\"><img loading=\"lazy\" decoding=\"async\" width=\"300\" height=\"300\" src=\"https:\/\/www.labeilleduvallage.fr\/wp-content\/uploads\/2023\/02\/Tournesol-500g-300x300.jpg\" class=\"attachment-woocommerce_thumbnail size-woocommerce_thumbnail\" alt=\"Miel Bio de Tournesol 500g\" srcset=\"https:\/\/www.labeilleduvallage.fr\/wp-content\/uploads\/2023\/02\/Tournesol-500g-300x300.jpg 300w, https:\/\/www.labeilleduvallage.fr\/wp-content\/uploads\/2023\/02\/Tournesol-500g-150x150.jpg 150w, https:\/\/www.labeilleduvallage.fr\/wp-content\/uploads\/2023\/02\/Tournesol-500g-100x100.jpg 100w\" sizes=\"auto, (max-width: 300px) 100vw, 300px\" \/><\/div>\n\t\t\t\t\t<div class=\"wc-block-grid__product-title\">Miel de Tournesol Bio<\/div>\n\t\t\t\t<\/a>\n\t\t\t\t<div class=\"wc-block-grid__product-price price\"><span class=\"woocommerce-Price-amount amount\">6,50&nbsp;<span class=\"woocommerce-Price-currencySymbol\">&euro;<\/span><\/span> &ndash; <span class=\"woocommerce-Price-amount amount\">19,00&nbsp;<span class=\"woocommerce-Price-currencySymbol\">&euro;<\/span><\/span><\/div>\n\t\t\t\t\n\t\t\t\t\n\t\t\t<\/li><li class=\"wc-block-grid__product\">\n\t\t\t\t<a href=\"https:\/\/www.labeilleduvallage.fr\/?product=miel-de-fleurs-sauvages-bio\" class=\"wc-block-grid__product-link\">\n\t\t\t\t\t\n\t\t\t\t\t<div class=\"wc-block-grid__product-image\"><img loading=\"lazy\" decoding=\"async\" width=\"300\" height=\"300\" src=\"https:\/\/www.labeilleduvallage.fr\/wp-content\/uploads\/2023\/02\/Fleurs-sauvages-500g-medaille-300x300.jpg\" class=\"attachment-woocommerce_thumbnail size-woocommerce_thumbnail\" alt=\"Miel de Fleurs Sauvages Bio\" srcset=\"https:\/\/www.labeilleduvallage.fr\/wp-content\/uploads\/2023\/02\/Fleurs-sauvages-500g-medaille-300x300.jpg 300w, https:\/\/www.labeilleduvallage.fr\/wp-content\/uploads\/2023\/02\/Fleurs-sauvages-500g-medaille-150x150.jpg 150w, https:\/\/www.labeilleduvallage.fr\/wp-content\/uploads\/2023\/02\/Fleurs-sauvages-500g-medaille-100x100.jpg 100w\" sizes=\"auto, (max-width: 300px) 100vw, 300px\" \/><\/div>\n\t\t\t\t\t<div class=\"wc-block-grid__product-title\">Miel de Fleurs Sauvages Bio<\/div>\n\t\t\t\t<\/a>\n\t\t\t\t<div class=\"wc-block-grid__product-price price\"><span class=\"woocommerce-Price-amount amount\">6,50&nbsp;<span class=\"woocommerce-Price-currencySymbol\">&euro;<\/span><\/span> &ndash; <span class=\"woocommerce-Price-amount amount\">20,00&nbsp;<span class=\"woocommerce-Price-currencySymbol\">&euro;<\/span><\/span><\/div>\n\t\t\t\t\n\t\t\t\t\n\t\t\t<\/li><li class=\"wc-block-grid__product\">\n\t\t\t\t<a href=\"https:\/\/www.labeilleduvallage.fr\/?product=miel-de-tilleul-bio\" class=\"wc-block-grid__product-link\">\n\t\t\t\t\t\n\t\t\t\t\t<div class=\"wc-block-grid__product-image\"><img loading=\"lazy\" decoding=\"async\" width=\"300\" height=\"300\" src=\"https:\/\/www.labeilleduvallage.fr\/wp-content\/uploads\/2024\/02\/Tilleul-500g-medaille-300x300.jpg\" class=\"attachment-woocommerce_thumbnail size-woocommerce_thumbnail\" alt=\"Miel de Tilleul Bio\" srcset=\"https:\/\/www.labeilleduvallage.fr\/wp-content\/uploads\/2024\/02\/Tilleul-500g-medaille-300x300.jpg 300w, https:\/\/www.labeilleduvallage.fr\/wp-content\/uploads\/2024\/02\/Tilleul-500g-medaille-150x150.jpg 150w, https:\/\/www.labeilleduvallage.fr\/wp-content\/uploads\/2024\/02\/Tilleul-500g-medaille-100x100.jpg 100w\" sizes=\"auto, (max-width: 300px) 100vw, 300px\" \/><\/div>\n\t\t\t\t\t<div class=\"wc-block-grid__product-title\">Miel de Tilleul Bio<\/div>\n\t\t\t\t<\/a>\n\t\t\t\t<div class=\"wc-block-grid__product-price price\"><span class=\"woocommerce-Price-amount amount\">7,00&nbsp;<span class=\"woocommerce-Price-currencySymbol\">&euro;<\/span><\/span> &ndash; <span class=\"woocommerce-Price-amount amount\">20,00&nbsp;<span class=\"woocommerce-Price-currencySymbol\">&euro;<\/span><\/span><\/div>\n\t\t\t\t\n\t\t\t\t\n\t\t\t<\/li><li class=\"wc-block-grid__product\">\n\t\t\t\t<a href=\"https:\/\/www.labeilleduvallage.fr\/?product=miel-de-fleurs-dete-bio\" class=\"wc-block-grid__product-link\">\n\t\t\t\t\t\n\t\t\t\t\t<div class=\"wc-block-grid__product-image\"><img loading=\"lazy\" decoding=\"async\" width=\"257\" height=\"300\" src=\"https:\/\/www.labeilleduvallage.fr\/wp-content\/uploads\/2023\/02\/Fleure-dete-500g-257x300-avec-medaille.jpg\" class=\"attachment-woocommerce_thumbnail size-woocommerce_thumbnail\" alt=\"Miel de Fleurs d&#039;\u00e9t\u00e9 Bio\" \/><\/div>\n\t\t\t\t\t<div class=\"wc-block-grid__product-title\">Miel de Fleurs d&rsquo;\u00e9t\u00e9 Bio<\/div>\n\t\t\t\t<\/a>\n\t\t\t\t<div class=\"wc-block-grid__product-price price\"><span class=\"woocommerce-Price-amount amount\">6,50&nbsp;<span class=\"woocommerce-Price-currencySymbol\">&euro;<\/span><\/span> &ndash; <span class=\"woocommerce-Price-amount amount\">20,00&nbsp;<span class=\"woocommerce-Price-currencySymbol\">&euro;<\/span><\/span><\/div>\n\t\t\t\t\n\t\t\t\t\n\t\t\t<\/li><li class=\"wc-block-grid__product\">\n\t\t\t\t<a href=\"https:\/\/www.labeilleduvallage.fr\/?product=miel-bio-le-cremeux-du-vallage\" class=\"wc-block-grid__product-link\">\n\t\t\t\t\t\n\t\t\t\t\t<div class=\"wc-block-grid__product-image\"><img loading=\"lazy\" decoding=\"async\" width=\"300\" height=\"300\" src=\"https:\/\/www.labeilleduvallage.fr\/wp-content\/uploads\/2023\/02\/Cremeux-du-vallage-500g-300x300.jpg\" class=\"attachment-woocommerce_thumbnail size-woocommerce_thumbnail\" alt=\"miel Bio Cremeux du vallage 500g\" srcset=\"https:\/\/www.labeilleduvallage.fr\/wp-content\/uploads\/2023\/02\/Cremeux-du-vallage-500g-300x300.jpg 300w, https:\/\/www.labeilleduvallage.fr\/wp-content\/uploads\/2023\/02\/Cremeux-du-vallage-500g-150x150.jpg 150w, https:\/\/www.labeilleduvallage.fr\/wp-content\/uploads\/2023\/02\/Cremeux-du-vallage-500g-100x100.jpg 100w\" sizes=\"auto, (max-width: 300px) 100vw, 300px\" \/><\/div>\n\t\t\t\t\t<div class=\"wc-block-grid__product-title\">Miel Cr\u00e9meux Bio<\/div>\n\t\t\t\t<\/a>\n\t\t\t\t<div class=\"wc-block-grid__product-price price\"><span class=\"woocommerce-Price-amount amount\">6,00&nbsp;<span class=\"woocommerce-Price-currencySymbol\">&euro;<\/span><\/span> &ndash; <span class=\"woocommerce-Price-amount amount\">18,00&nbsp;<span class=\"woocommerce-Price-currencySymbol\">&euro;<\/span><\/span><\/div>\n\t\t\t\t\n\t\t\t\t\n\t\t\t<\/li><\/ul><\/div><p><\/p>","protected":false},"excerpt":{"rendered":"<p>ENCORE ? M\u00e9daille d&rsquo;OR pour le miel d&rsquo;e\u0301rable &#8211; M\u00e9daille d&rsquo;ARGENT pour le miel de fleurs d&rsquo;\u00e9t\u00e9 ! Salon International de l\u2019Agriculture Pour la deuxi\u00e8me ann\u00e9e cons\u00e9cutive, nos miels ont \u00e9t\u00e9 r\u00e9compens\u00e9s au Concours G\u00e9n\u00e9ral Agricole du Salon de l&rsquo;Agriculture 2025 ! Aujourd\u2019hui nous sommes super fiers et doublement heureux ! Super fiers car cela r\u00e9compense des heures de travail sur les ruchers et dans la miellerie ! Et doublement heureux car en 2 participations c&rsquo;est 4 miels r\u00e9compens\u00e9s dont <a class=\"more-link\" href=\"https:\/\/www.labeilleduvallage.fr\/\">Read More<i class=\"genericon genericon-next\"><\/i><\/a><\/p>\n","protected":false},"author":1,"featured_media":308,"parent":0,"menu_order":0,"comment_status":"closed","ping_status":"closed","template":"page-templates\/template-layout-builder.php","meta":{"footnotes":""},"class_list":["post-272","page","type-page","status-publish","has-post-thumbnail","hentry"],"_links":{"self":[{"href":"https:\/\/www.labeilleduvallage.fr\/index.php?rest_route=\/wp\/v2\/pages\/272","targetHints":{"allow":["GET"]}}],"collection":[{"href":"https:\/\/www.labeilleduvallage.fr\/index.php?rest_route=\/wp\/v2\/pages"}],"about":[{"href":"https:\/\/www.labeilleduvallage.fr\/index.php?rest_route=\/wp\/v2\/types\/page"}],"author":[{"embeddable":true,"href":"https:\/\/www.labeilleduvallage.fr\/index.php?rest_route=\/wp\/v2\/users\/1"}],"replies":[{"embeddable":true,"href":"https:\/\/www.labeilleduvallage.fr\/index.php?rest_route=%2Fwp%2Fv2%2Fcomments&post=272"}],"version-history":[{"count":48,"href":"https:\/\/www.labeilleduvallage.fr\/index.php?rest_route=\/wp\/v2\/pages\/272\/revisions"}],"predecessor-version":[{"id":415,"href":"https:\/\/www.labeilleduvallage.fr\/index.php?rest_route=\/wp\/v2\/pages\/272\/revisions\/415"}],"wp:featuredmedia":[{"embeddable":true,"href":"https:\/\/www.labeilleduvallage.fr\/index.php?rest_route=\/wp\/v2\/media\/308"}],"wp:attachment":[{"href":"https:\/\/www.labeilleduvallage.fr\/index.php?rest_route=%2Fwp%2Fv2%2Fmedia&parent=272"}],"curies":[{"name":"wp","href":"https:\/\/api.w.org\/{rel}","templated":true}]}}